{"id":282,"date":"2019-02-23T18:46:19","date_gmt":"2019-02-23T17:46:19","guid":{"rendered":"http:\/\/www.samoizbor.me\/css\/?page_id=282"},"modified":"2019-04-05T23:05:38","modified_gmt":"2019-04-05T21:05:38","slug":"artists","status":"publish","type":"page","link":"https:\/\/www.sual-archives.net\/css\/artists\/","title":{"rendered":"ARTISTS"},"content":{"rendered":"\t\t<div data-elementor-type=\"wp-post\" data-elementor-id=\"282\" class=\"elementor elementor-282\" data-elementor-post-type=\"page\">\n\t\t\t\t\t\t<section class=\"elementor-section elementor-top-section elementor-element elementor-element-f2f260e elementor-section-boxed elementor-section-height-default elementor-section-height-default\" data-id=\"f2f260e\" data-element_type=\"section\">\n\t\t\t\t\t\t<div class=\"elementor-container elementor-column-gap-default\">\n\t\t\t\t\t<div class=\"elementor-column elementor-col-25 elementor-top-column elementor-element elementor-element-0b62ecf\" data-id=\"0b62ecf\" data-element_type=\"column\">\n\t\t\t<div class=\"elementor-widget-wrap elementor-element-populated\">\n\t\t\t\t\t\t<div class=\"elementor-element elementor-element-05109df elementor-widget elementor-widget-text-editor\" data-id=\"05109df\" data-element_type=\"widget\" data-widget_type=\"text-editor.default\">\n\t\t\t\t<div class=\"elementor-widget-container\">\n\t\t\t\t\t\t\t\t\t<p><strong><span style=\"font-size: 12pt;\">A<\/span><\/strong><\/p><p><span style=\"font-size: 10pt;\"><a href=\"https:\/\/www.sual-archives.net\/css\/sual-archives\/2014-2\/peter-ablinger\/\" rel=\"noopener\">Peter Ablinger [14]<\/a><br \/><a href=\"https:\/\/www.sual-archives.net\/css\/sual-archives\/2017-2\/peter-ablinger-3\/\" rel=\"noopener\">Peter Ablinger [17_1]<\/a><br \/><a href=\"https:\/\/www.sual-archives.net\/css\/sual-archives\/2017-2\/peter-ablinger\/\" rel=\"noopener\">Peter Ablinger [17_2]<\/a><br \/><a href=\"https:\/\/www.sual-archives.net\/css\/sual-archives\/2017-2\/peter-ablinger-2\/\" rel=\"noopener\">Peter Ablinger [17_3]<\/a><\/span><br \/><span style=\"font-size: 10pt;\"><a href=\"https:\/\/www.sual-archives.net\/css\/sual-archives\/2018-2\/heustadel\/\" rel=\"noopener\">AHS Heustadelgasse<\/a><\/span><br \/><a href=\"https:\/\/www.sual-archives.net\/css\/sual-archives\/2015-2\/salah-ammo-peter-gabis\/\" rel=\"noopener\"><span style=\"font-size: 10pt;\">Salah Ammo<\/span><\/a><br \/><span style=\"font-size: 10pt;\"><a href=\"https:\/\/sual-archives.net\/css\/sual-archives\/2007-2\/and-oar\/\" rel=\"noopener\">and\/OAR<\/a><\/span><br \/><span style=\"font-size: 10pt;\"><a href=\"https:\/\/www.sual-archives.net\/css\/sual-archives\/2013-2\/helga-arias-parra\/\" rel=\"noopener\">Helga Arias Parra<\/a><\/span><br \/><a href=\"https:\/\/www.sual-archives.net\/css\/sual-archives\/2011-2\/seth-ayyaz\/\" rel=\"noopener\"><span style=\"font-size: 10pt;\">Seth Ayyaz<\/span><\/a><\/p><p><strong><span style=\"font-size: 12pt;\">B<\/span><\/strong><\/p><p><a href=\"https:\/\/www.sual-archives.net\/css\/sual-archives\/2010-2\/serge-baghdassarians-boris-baltschun\/\" rel=\"noopener\"><span style=\"font-size: 10pt;\">Serge Baghdassarians<\/span><\/a><br \/><span style=\"font-size: 10pt;\"><a href=\"https:\/\/www.sual-archives.net\/css\/sual-archives\/2010-2\/serge-baghdassarians-boris-baltschun\/\" rel=\"noopener\">Boris Baltschun<\/a><\/span><br \/><a href=\"http:\/\/www.sual-archives.net\/css\/sual-archives\/2006-2\/jurgen-berlakovich\/\" rel=\"noopener\"><span style=\"font-size: 10pt;\">J\u00fcrgen Berlakovich<\/span><\/a><br \/><span style=\"font-size: 10pt;\"><a href=\"https:\/\/www.sual-archives.net\/css\/sual-archives\/2016-2\/carte-bleu\/\" rel=\"noopener\">Tiziana Bertoncini [16_1]<\/a><br \/><a href=\"https:\/\/www.sual-archives.net\/css\/sual-archives\/2016-2\/gomberg-revisited\/\" rel=\"noopener\">Tiziana Bertoncini [16_2]<\/a><\/span><br \/><span style=\"font-size: 10pt;\"><a href=\"https:\/\/www.sual-archives.net\/css\/sual-archives\/2012-2\/belma-beslic-gal\/\" rel=\"noopener\">Belma Be\u0161li\u0107-G\u00e1l [12]<\/a><br \/><a href=\"https:\/\/www.sual-archives.net\/css\/sual-archives\/2016-2\/belma-beslic-gal\/\" rel=\"noopener\">Belma Be\u0161li\u0107-G\u00e1l [16]<\/a><\/span><br \/><span style=\"font-size: 10pt;\"><a href=\"https:\/\/www.sual-archives.net\/css\/sual-archives\/2012-2\/andreas-bick\/\" rel=\"noopener\">Andreas Bick<\/a><\/span><br \/><a href=\"https:\/\/www.sual-archives.net\/css\/sual-archives\/2010-2\/blauwurf\/\" rel=\"noopener\"><span style=\"font-size: 10pt;\">blauwurf<\/span><\/a><br \/><span style=\"font-size: 10pt;\"><a href=\"https:\/\/www.sual-archives.net\/css\/sual-archives\/2008-2\/tim-blechmann\/\" rel=\"noopener\">Tim Blechmann<\/a><\/span><br \/><span style=\"font-size: 10pt;\"><a href=\"https:\/\/www.sual-archives.net\/css\/sual-archives\/2018-2\/noid\/\" rel=\"noopener\">Cordula B\u00f6sze [18_1]<\/a><br \/><a href=\"https:\/\/www.sual-archives.net\/css\/sual-archives\/2018-2\/noid-2\/\" rel=\"noopener\">Cordula B\u00f6sze [18_2]<\/a><br \/><a href=\"https:\/\/www.sual-archives.net\/css\/sual-archives\/2018-2\/sonderfall-05\/\" rel=\"noopener\">Cordula B\u00f6sze [18_3]<\/a><\/span><br \/><a href=\"https:\/\/www.sual-archives.net\/css\/sual-archives\/2014-2\/brandlmayr-hegenbart\/\" rel=\"noopener\"><span style=\"font-size: 10pt;\">Brandlmayr\/\/Hegenbart<\/span><\/a><br \/><span style=\"font-size: 10pt;\"><a href=\"https:\/\/www.sual-archives.net\/css\/sual-archives\/2014-2\/brandlmayr-hegenbart\/\" rel=\"noopener\">Martin Brandlmayr<\/a><\/span><\/p><p><strong><span style=\"font-size: 12pt;\">C<\/span><\/strong><\/p><p><span style=\"font-size: 10pt;\"><a href=\"https:\/\/www.sual-archives.net\/css\/sual-archives\/2015-2\/plenum\/\" rel=\"noopener\">Ang\u00e9lica Castell\u00f3 [15]<\/a><br \/><a href=\"https:\/\/www.sual-archives.net\/css\/sual-archives\/2017-2\/phonographie-ensemble\/\" rel=\"noopener\">Ang\u00e9lica Castell\u00f3 [17]<\/a><\/span><br \/><a href=\"https:\/\/www.sual-archives.net\/css\/sual-archives\/2012-2\/chin-ting-chan\/\" rel=\"noopener\"><span style=\"font-size: 10pt;\">Chin Ting Chan<\/span><\/a><br \/><a href=\"http:\/\/www.sual-archives.net\/css\/sual-archives\/2006-2\/kyong-mee-choi\/\" rel=\"noopener\"><span style=\"font-size: 10pt;\">Kyong Mee Choi<\/span><\/a><br \/><span style=\"font-size: 10pt;\"><a href=\"https:\/\/www.sual-archives.net\/css\/sual-archives\/2016-2\/martina-claussen\/\" rel=\"noopener\">Martina Claussen [16]<\/a><br \/><a href=\"https:\/\/www.sual-archives.net\/css\/sual-archives\/2017-2\/phonographie-ensemble\/\" rel=\"noopener\">Martina Claussen [17]<\/a><\/span><br \/><span style=\"font-size: 10pt;\"><a href=\"https:\/\/www.sual-archives.net\/css\/sual-archives\/2015-2\/philip-corner-phoebe-neville\/\" rel=\"noopener\">Philip Corner<\/a><\/span><br \/><span style=\"font-size: 10pt;\"><a href=\"https:\/\/www.sual-archives.net\/css\/sual-archives\/2011-2\/cormac-crawley\/\" rel=\"noopener\">Cormac Crawley [11]<\/a><br \/><a href=\"https:\/\/www.sual-archives.net\/css\/sual-archives\/2012-2\/cormac-crawley\/\" rel=\"noopener\">Cormac Crawley [12]<\/a><\/span><\/p><p><strong><span style=\"font-size: 12pt;\">D<\/span><\/strong><\/p><p><a href=\"https:\/\/www.sual-archives.net\/css\/sual-archives\/2011-2\/wysozky-arden-day\/\" rel=\"noopener\"><span style=\"font-size: 10pt;\">Arden Day<\/span> <\/a><br \/><span style=\"font-size: 10pt;\"><a href=\"https:\/\/www.sual-archives.net\/css\/sual-archives\/2013-2\/jamez-dean\/\" rel=\"noopener\">Jamez Dean<\/a><\/span><br \/><a href=\"http:\/\/sual-archives.net\/css\/sual-archives\/2007-2\/christopher-delaurenti\/\" rel=\"noopener\"><span style=\"font-size: 10pt;\">Christopher DeLaurenti<\/span><\/a><br \/><a href=\"https:\/\/www.sual-archives.net\/css\/sual-archives\/2010-2\/die-strottern\/\" rel=\"noopener\"><span style=\"font-size: 10pt;\">Die Strottern<\/span><\/a><br \/><span style=\"font-size: 10pt;\"><a href=\"https:\/\/www.sual-archives.net\/css\/sual-archives\/2010-2\/nader-mashayekhi\/\" rel=\"noopener\">Double Image<\/a><\/span><br \/><span style=\"font-size: 10pt;\"><a href=\"https:\/\/www.sual-archives.net\/css\/sual-archives\/2015-2\/plenum\/\" rel=\"noopener\">Gobi Drab<\/a><\/span><br \/><span style=\"font-size: 10pt;\"><a href=\"https:\/\/www.sual-archives.net\/css\/sual-archives\/2016-2\/von-fruh-bis-spat\/\" rel=\"noopener\">Marcel Duchamp<\/a><\/span><br \/><span style=\"font-size: 10pt;\"><a href=\"https:\/\/www.sual-archives.net\/css\/sual-archives\/2014-2\/peter-jakober\/\" rel=\"noopener\">Duo Souffl\u00e9<\/a><\/span><br \/><span style=\"font-size: 10pt;\"><a href=\"https:\/\/www.sual-archives.net\/css\/sual-archives\/2016-2\/salih-dursun-frederic-stritter\/\" rel=\"noopener\">Salih Dursun<\/a><\/span><\/p><div><span style=\"font-size: 12pt;\"><strong>E<\/strong><\/span><\/div><p><span style=\"font-size: 10pt;\"><a href=\"https:\/\/www.sual-archives.net\/css\/sual-archives\/2012-2\/aurelio-edler-copes\/\" rel=\"noopener\">Aur\u00e9lio Edler-Copes<\/a><\/span><br \/><span style=\"font-size: 10pt;\"><a href=\"https:\/\/www.sual-archives.net\/css\/sual-archives\/2018-2\/noid\/\" rel=\"noopener\">Ensemble Sonderfall<\/a><\/span><br \/><span style=\"font-size: 10pt;\"><a href=\"https:\/\/www.sual-archives.net\/css\/sual-archives\/2018-2\/christian-wolff\/\" rel=\"noopener\">Erik Emil Eskildsen<\/a><\/span><\/p><p><strong><span style=\"font-size: 12pt;\">F<\/span><\/strong><\/p><p><span style=\"font-size: 10pt;\"><a href=\"https:\/\/www.sual-archives.net\/css\/sual-archives\/2006-2\/kai-fagaschinski-bernhard-gal\/\" rel=\"noopener\">Kai Fagaschinski [06]<\/a><br \/><a href=\"https:\/\/www.sual-archives.net\/css\/sual-archives\/2008-2\/the-international-nothing\/\" rel=\"noopener\">Kai Fagaschinski [08]<\/a><br \/><a href=\"https:\/\/www.sual-archives.net\/css\/sual-archives\/2010-2\/burkhard-stangl-kai-fagaschinski\/\" rel=\"noopener\">Kai Fagaschinski [10]<\/a><\/span><br \/><span style=\"font-size: 10pt;\"><a href=\"https:\/\/www.sual-archives.net\/css\/sual-archives\/2008-2\/klaus-filip\/\" rel=\"noopener\">Klaus Filip [08]<\/a><br \/><a href=\"https:\/\/www.sual-archives.net\/css\/sual-archives\/2018-2\/klaus-filip\/\" rel=\"noopener\">Klaus Filip [18]<\/a><\/span><br \/><span style=\"font-size: 10pt;\"><a href=\"https:\/\/www.sual-archives.net\/css\/sual-archives\/2007-2\/phonographie-ensemble\/\" rel=\"noopener\">Heribert Friedl [07]<\/a><br \/><a href=\"https:\/\/www.sual-archives.net\/css\/sual-archives\/2008-2\/heribert-friedl\/\" rel=\"noopener\">Heribert Friedl [08]<\/a><\/span><\/p>\t\t\t\t\t\t\t\t<\/div>\n\t\t\t\t<\/div>\n\t\t\t\t\t<\/div>\n\t\t<\/div>\n\t\t\t\t<div class=\"elementor-column elementor-col-25 elementor-top-column elementor-element elementor-element-0b55a43\" data-id=\"0b55a43\" data-element_type=\"column\">\n\t\t\t<div class=\"elementor-widget-wrap elementor-element-populated\">\n\t\t\t\t\t\t<div class=\"elementor-element elementor-element-15a150a elementor-widget elementor-widget-text-editor\" data-id=\"15a150a\" data-element_type=\"widget\" data-widget_type=\"text-editor.default\">\n\t\t\t\t<div class=\"elementor-widget-container\">\n\t\t\t\t\t\t\t\t\t<p><strong><span style=\"font-size: 12pt;\">G<\/span><\/strong><\/p><p><a href=\"https:\/\/www.sual-archives.net\/css\/sual-archives\/2015-2\/salah-ammo-peter-gabis\/\" rel=\"noopener\"><span style=\"font-size: 10pt;\">Peter Gabis<\/span><\/a><br \/><a href=\"https:\/\/www.sual-archives.net\/css\/sual-archives\/2006-2\/kai-fagaschinski-bernhard-gal\/\" rel=\"noopener\"><span style=\"font-size: 10pt;\">Bernhard G\u00e1l [06]<\/span><\/a><br \/><a href=\"https:\/\/www.sual-archives.net\/css\/sual-archives\/2007-2\/phonographie-ensemble\/\" rel=\"noopener\"><span style=\"font-size: 10pt;\">Bernhard G\u00e1l [07]<\/span><\/a><br \/><a href=\"https:\/\/www.sual-archives.net\/css\/sual-archives\/2015-2\/bernhard-gal\/\" rel=\"noopener\"><span style=\"font-size: 10pt;\">Bernhard G\u00e1l [15]<\/span><\/a><br \/><span style=\"font-size: 10pt;\"><a href=\"https:\/\/www.sual-archives.net\/css\/sual-archives\/2016-2\/bernhard-gal\/\" rel=\"noopener\">Bernhard G\u00e1l [16]<\/a><\/span><br \/><span style=\"font-size: 10pt;\"><a href=\"https:\/\/www.sual-archives.net\/css\/sual-archives\/2018-2\/bernhard-gal\/\" rel=\"noopener\">Bernhard G\u00e1l [18]<\/a><\/span><br \/><span style=\"font-size: 10pt;\"><a href=\"https:\/\/www.sual-archives.net\/css\/sual-archives\/2018-2\/noid\/\" rel=\"noopener\">Susanna Gartmayer<\/a><\/span><br \/><a href=\"https:\/\/www.sual-archives.net\/css\/sual-archives\/2008-2\/erin-gee\/\" rel=\"noopener\"><span style=\"font-size: 10pt;\">Erin Gee<\/span><\/a><br \/><a href=\"http:\/\/www.sual-archives.net\/css\/sual-archives\/2006-2\/matias-giuliani-ortiz\/\" rel=\"noopener\"><span style=\"font-size: 10pt;\">Matias Giuliani Ortiz<\/span><\/a><br \/><span style=\"font-size: 10pt;\"><a href=\"https:\/\/www.sual-archives.net\/css\/sual-archives\/2018-2\/noid\/\" rel=\"noopener\">Jakob Gnigler<\/a><\/span><br \/><span style=\"font-size: 10pt;\"><a href=\"https:\/\/www.sual-archives.net\/css\/sual-archives\/2018-2\/christian-wolff\/\" rel=\"noopener\">Sara Gregori\u010d<\/a><\/span><br \/><span style=\"font-size: 10pt;\"><a href=\"https:\/\/www.sual-archives.net\/css\/sual-archives\/2016-2\/soundarchitecture\/\" rel=\"noopener\">Thomas Grill<\/a><\/span><br \/><span style=\"font-size: 10pt;\"><a href=\"https:\/\/www.sual-archives.net\/css\/sual-archives\/2012-2\/gruenrekorder\/\" rel=\"noopener\">Gruenrekorder<\/a><\/span><br \/><span style=\"font-size: 10pt;\"><a href=\"https:\/\/www.sual-archives.net\/css\/sual-archives\/2018-2\/edgar-guzman\/\" rel=\"noopener\">\u00c9dgar Guzm\u00e1n<\/a><\/span><\/p><div><span style=\"font-size: 12pt;\"><strong>H<\/strong><\/span><\/div><div><span style=\"font-size: 12pt;\"><strong>\u00a0<\/strong><\/span><\/div><p><span style=\"font-size: 10pt;\"><a href=\"https:\/\/www.sual-archives.net\/css\/sual-archives\/2009-2\/hans-tschiritsch-franz-haselsteiner\/\" rel=\"noopener\">Franz Haselsteiner<\/a><\/span><br \/><span style=\"font-size: 10pt;\"><a href=\"https:\/\/www.sual-archives.net\/css\/sual-archives\/2015-2\/plenum\/\" rel=\"noopener\">Katrin Hauk<\/a><\/span><br \/><span style=\"font-size: 10pt;\"><a href=\"https:\/\/www.sual-archives.net\/css\/sual-archives\/2011-2\/franz-hautzinger-mazen-kerbaj\/\" rel=\"noopener\">Franz Hautzinger [11]<\/a><br \/><a href=\"https:\/\/www.sual-archives.net\/css\/sual-archives\/2016-2\/gomberg-revisited\/\" rel=\"noopener\">Franz Hautzinger [16]<\/a><\/span><br \/><a href=\"https:\/\/www.sual-archives.net\/css\/sual-archives\/2011-2\/christopher-haworth\/\" rel=\"noopener\"><span style=\"font-size: 10pt;\">Christopher Haworth<\/span><\/a><br \/><span style=\"font-size: 10pt;\"><a href=\"https:\/\/www.sual-archives.net\/css\/sual-archives\/2014-2\/brandlmayr-hegenbart\/\" rel=\"noopener\">Boris Hegenbart<\/a><\/span><br \/><a href=\"https:\/\/www.sual-archives.net\/css\/sual-archives\/2011-2\/mazen-hussein\/\" rel=\"noopener\"><span style=\"font-size: 10pt;\">Mazen Hussein<\/span><\/a><\/p><p><strong><span style=\"font-size: 12pt;\">I<\/span><\/strong><\/p><p><a href=\"https:\/\/www.sual-archives.net\/css\/sual-archives\/2008-2\/i8u\/\" rel=\"noopener\"><span style=\"font-size: 10pt;\">i8u<\/span><\/a><br \/><span style=\"font-size: 10pt;\"><a href=\"https:\/\/www.sual-archives.net\/css\/sual-archives\/2017-2\/leif-inge\/\" rel=\"noopener\">Leif Inge<\/a><\/span><br \/><span style=\"font-size: 10pt;\"><a href=\"https:\/\/www.sual-archives.net\/css\/sual-archives\/2017-2\/iftaf\/\" rel=\"noopener\">iftaf<\/a><\/span><br \/><span style=\"font-size: 10pt;\"><a href=\"https:\/\/www.sual-archives.net\/css\/sual-archives\/2016-2\/irradiation\/\" rel=\"noopener\">Irradiation<\/a><\/span><\/p><p><span style=\"font-size: 12pt;\"><strong>J<\/strong><\/span><\/p><p><span style=\"font-size: 10pt;\"><a href=\"https:\/\/www.sual-archives.net\/css\/sual-archives\/2014-2\/peter-jakober\/\" rel=\"noopener\">Peter Jakober<\/a><\/span><\/p><p><strong><span style=\"font-size: 12pt;\">K<\/span><\/strong><\/p><p><span style=\"font-size: 10pt;\"><a href=\"https:\/\/www.sual-archives.net\/css\/sual-archives\/2010-2\/z-b-barbara-kaiser-tamara-wilhelm\/\" rel=\"noopener\">Barbara Kaiser [10]<\/a><br \/><a href=\"https:\/\/www.sual-archives.net\/css\/sual-archives\/2017-2\/phonographie-ensemble\/\" rel=\"noopener\">Barbara Kaiser [17]<\/a><br \/><a href=\"http:\/\/www.sual-archives.net\/css\/sual-archives\/2006-2\/adolfo-kaplan\/\" rel=\"noopener\">Adolfo Kaplan<\/a><br \/><a href=\"https:\/\/www.sual-archives.net\/css\/sual-archives\/2016-2\/carte-bleu\/\" rel=\"noopener\">Irene Kepl [16_1]<\/a><br \/><a href=\"https:\/\/www.sual-archives.net\/css\/sual-archives\/2016-2\/gomberg-revisited\/\" rel=\"noopener\">Irene Kepl [16_2]<\/a><br \/><a href=\"https:\/\/www.sual-archives.net\/css\/sual-archives\/2011-2\/franz-hautzinger-mazen-kerbaj\/\" target=\"_blank\" rel=\"noopener\">Mazen Kerbaj<\/a><br \/><a href=\"https:\/\/www.sual-archives.net\/css\/sual-archives\/2007-2\/phonographie-ensemble\/\" rel=\"noopener\">Peter Kutin<\/a><br \/><a href=\"https:\/\/www.sual-archives.net\/css\/sual-archives\/2012-2\/mark-lorenz-kysela\/\" target=\"_blank\" rel=\"noopener\">Mark Lorenz Kysela<\/a><\/span><\/p><p><span style=\"font-size: 12pt;\"><strong>L<\/strong><\/span><\/p><p><span style=\"font-size: 10pt;\"><a href=\"https:\/\/www.sual-archives.net\/css\/sual-archives\/2008-2\/\" rel=\"noopener\">Klaus Lang<\/a><br \/><a href=\"https:\/\/www.sual-archives.net\/css\/sual-archives\/2013-2\/jean-francois-laporte\/\" rel=\"noopener\">Jean-Fran\u00e7ois Laporte<\/a><br \/><a href=\"https:\/\/www.sual-archives.net\/css\/sual-archives\/2007-2\/phonographie-ensemble\/\" rel=\"noopener\">Daniel Lercher<\/a><br \/><a href=\"https:\/\/www.sual-archives.net\/css\/sual-archives\/2014-2\/lukas-ligeti\/\" rel=\"noopener\">Lukas Ligeti<\/a><br \/><a href=\"http:\/\/www.sual-archives.net\/css\/sual-archives\/2006-2\/igor-lintz-maues\/\" rel=\"noopener\">Igor Lintz-Mau\u00e9s<\/a><br \/><a href=\"https:\/\/www.sual-archives.net\/css\/sual-archives\/2015-2\/plenum\/\" rel=\"noopener\">Thomas List<\/a><br \/><a href=\"https:\/\/www.sual-archives.net\/css\/sual-archives\/2016-2\/von-fruh-bis-spat\/\" rel=\"noopener\">Franz Liszt<\/a><br \/><a href=\"https:\/\/www.sual-archives.net\/css\/sual-archives\/2014-2\/simon-longo\/\" target=\"_blank\" rel=\"noopener\">Simon Longo<\/a><br \/><a href=\"https:\/\/www.sual-archives.net\/css\/sual-archives\/2017-2\/peter-ablinger-2\/\" rel=\"noopener\">Matthias Lorenz<\/a><br \/><a href=\"http:\/\/www.sual-archives.net\/css\/sual-archives\/2006-2\/apostolos-loufopoulos\/\" rel=\"noopener\">Apostolos Loufopoulos<\/a><br \/><a href=\"http:\/\/www.sual-archives.net\/css\/sual-archives\/2006-2\/mina-lunzer-brem\/\" rel=\"noopener\">Martina Lunzer Brem<\/a><\/span><\/p>\t\t\t\t\t\t\t\t<\/div>\n\t\t\t\t<\/div>\n\t\t\t\t\t<\/div>\n\t\t<\/div>\n\t\t\t\t<div class=\"elementor-column elementor-col-25 elementor-top-column elementor-element elementor-element-789fbbc\" data-id=\"789fbbc\" data-element_type=\"column\">\n\t\t\t<div class=\"elementor-widget-wrap elementor-element-populated\">\n\t\t\t\t\t\t<div class=\"elementor-element elementor-element-111069d elementor-widget elementor-widget-text-editor\" data-id=\"111069d\" data-element_type=\"widget\" data-widget_type=\"text-editor.default\">\n\t\t\t\t<div class=\"elementor-widget-container\">\n\t\t\t\t\t\t\t\t\t<p><strong><span style=\"font-size: 12pt;\">M<\/span><\/strong><\/p><p><span style=\"font-size: 10pt;\"><a href=\"https:\/\/www.sual-archives.net\/css\/sual-archives\/2011-2\/hossam-mahmoud\/\" rel=\"noopener\">Hossam Mahmoud<\/a><\/span><br \/><span style=\"font-size: 10pt;\"><a href=\"https:\/\/www.sual-archives.net\/css\/sual-archives\/2013-2\/radu-malfatti\/\" rel=\"noopener\">Radu Malfatti<\/a><\/span><br \/><span style=\"font-size: 10pt;\"><a href=\"https:\/\/www.sual-archives.net\/css\/sual-archives\/2009-2\/lionel-marchetti\/\" rel=\"noopener\">Lionel Marchetti<\/a><\/span><br \/><span style=\"font-size: 10pt;\"><a href=\"https:\/\/www.sual-archives.net\/css\/sual-archives\/2018-2\/christian-wolff\/\" rel=\"noopener\">Ahoo Maher<\/a><\/span><br \/><span style=\"font-size: 10pt;\"><a href=\"https:\/\/www.sual-archives.net\/css\/sual-archives\/2008-2\/nader-mashayekhi\/\" rel=\"noopener\">Nader Mashayekhi [08]<\/a><br \/><a href=\"https:\/\/www.sual-archives.net\/css\/sual-archives\/2010-2\/nader-mashayekhi\/\" rel=\"noopener\">Nader Mashayekhi [10]<\/a><\/span><br \/><span style=\"font-size: 10pt;\"><a href=\"https:\/\/www.sual-archives.net\/css\/sual-archives\/2010-2\/nader-mashayekhi\/\" rel=\"noopener\">Gisela Mashayekhi-Beer<\/a><\/span><br \/><a href=\"https:\/\/www.sual-archives.net\/css\/sual-archives\/2010-2\/sure\/\" rel=\"noopener\"><span style=\"font-size: 10pt;\">Veronika Mayer<\/span><\/a><br \/><span style=\"font-size: 10pt;\"><a href=\"https:\/\/www.sual-archives.net\/css\/sual-archives\/2012-2\/danny-mccarthy\/\" rel=\"noopener\">Danny McCarthy<\/a><\/span><br \/><span style=\"font-size: 10pt;\"><a href=\"https:\/\/www.sual-archives.net\/css\/sual-archives\/2007-2\/phonographie-ensemble\/\" rel=\"noopener\">Patrick McGinley [07_1]<\/a><br \/><a href=\"https:\/\/www.sual-archives.net\/css\/sual-archives\/2007-2\/patrick-mcginley\/\" rel=\"noopener\">Patrick McGinley [07_2]<\/a><\/span><br \/><span style=\"font-size: 10pt;\"><a href=\"https:\/\/www.sual-archives.net\/css\/sual-archives\/2018-2\/christian-wolff\/\" rel=\"noopener\">mdw scratch orchestra<\/a><\/span><br \/><span style=\"font-size: 10pt;\"><a href=\"https:\/\/www.sual-archives.net\/css\/sual-archives\/2011-2\/mise_en_scene\/\" rel=\"noopener\">mise_en_scene<\/a><\/span><br \/><a href=\"https:\/\/www.sual-archives.net\/css\/sual-archives\/2009-2\/miriam-mone-kurt-petin\/\" rel=\"noopener\"><span style=\"font-size: 10pt;\">Miriam Mone<\/span><\/a><br \/><span style=\"font-size: 10pt;\"><a href=\"https:\/\/www.sual-archives.net\/css\/sual-archives\/2013-2\/michael-moser\/\" rel=\"noopener\">Michael Moser<\/a><\/span><br \/><span style=\"font-size: 10pt;\"><a href=\"https:\/\/www.sual-archives.net\/css\/sual-archives\/2011-2\/amr-okba\/\" rel=\"noopener\">Gabriela Mossyrsch [11_1]<\/a><br \/><a href=\"https:\/\/www.sual-archives.net\/css\/sual-archives\/2011-2\/yoav-pasovsky\/\" rel=\"noopener\">Gabriela Mossyrsch [11_2]<\/a><\/span><br \/><span style=\"font-size: 10pt;\"><a href=\"https:\/\/www.sual-archives.net\/css\/sual-archives\/2018-2\/noid\/\" rel=\"noopener\">MS Mutt<\/a><\/span><\/p><p><span style=\"font-size: 12pt;\"><strong>N<\/strong><\/span><\/p><p><span style=\"font-size: 10pt;\"><a href=\"https:\/\/www.sual-archives.net\/css\/sual-archives\/2014-2\/max-neuhaus\/\" rel=\"noopener\">Max Neuhaus<\/a><\/span><br \/><span style=\"font-size: 10pt;\"><a href=\"https:\/\/www.sual-archives.net\/css\/sual-archives\/2015-2\/plenum\/\" rel=\"noopener\">Steffi Neuhuber<\/a><\/span><br \/><span style=\"font-size: 10pt;\"><a href=\"https:\/\/www.sual-archives.net\/css\/sual-archives\/2015-2\/philip-corner-phoebe-neville\/\" rel=\"noopener\">Phoebe Neville<\/a><\/span><br \/><span style=\"font-size: 10pt;\"><a href=\"https:\/\/www.sual-archives.net\/css\/sual-archives\/2014-2\/peter-jakober\/\" rel=\"noopener\">Doris Nicoletti<\/a><\/span><br \/><span style=\"font-size: 10pt;\"><a href=\"https:\/\/www.sual-archives.net\/css\/sual-archives\/2013-2\/hermann-nitsch\/\" rel=\"noopener\">Hermann Nitsch<\/a><br \/><a href=\"https:\/\/www.sual-archives.net\/css\/sual-archives\/2006-2\/noid\/\" rel=\"noopener\">noid (aka Arnold Haberl) [06]<\/a><br \/><a href=\"https:\/\/www.sual-archives.net\/css\/sual-archives\/2007-2\/noid\/\" rel=\"noopener\">noid (aka Arnold Haberl) [07]<\/a><br \/><a href=\"https:\/\/www.sual-archives.net\/css\/sual-archives\/2016-2\/carte-bleu\/\" rel=\"noopener\">noid (aka Arnold Haberl) [16_1]<\/a><br \/><a href=\"https:\/\/www.sual-archives.net\/css\/sual-archives\/2016-2\/gomberg-revisited\/\" rel=\"noopener\">noid (aka Arnold Haberl) [16_2]<\/a><br \/><a href=\"https:\/\/www.sual-archives.net\/css\/sual-archives\/2018-2\/noid\/\" rel=\"noopener\">noid (aka Arnold Haberl) [18_1]<\/a><br \/><a href=\"https:\/\/www.sual-archives.net\/css\/sual-archives\/2018-2\/noid-2\/\" rel=\"noopener\">noid (aka Arnold Haberl) [18_2]<\/a><br \/><a href=\"https:\/\/www.sual-archives.net\/css\/sual-archives\/2018-2\/schimana-noid\/\" rel=\"noopener\">noid (aka Arnold Haberl) [18_3]<\/a><\/span><\/p><p><strong><span style=\"font-size: 12pt;\">O<\/span><\/strong><\/p><p><span style=\"font-size: 10pt;\"><a href=\"https:\/\/www.sual-archives.net\/css\/sual-archives\/2011-2\/amr-okba\/\" rel=\"noopener\">Amr Okba<\/a><br \/><a href=\"https:\/\/www.sual-archives.net\/css\/sual-archives\/2013-2\/felipe-otondo\/\" target=\"_blank\" rel=\"noopener\">Felipe Otondo<\/a><\/span><\/p><p><strong><span style=\"font-size: 12pt;\">P<\/span><\/strong><\/p><p><span style=\"font-size: 10pt;\"><a href=\"https:\/\/www.sual-archives.net\/css\/sual-archives\/2015-2\/pabst\/\" rel=\"noopener\">Pabst [15]<\/a><br \/><a href=\"https:\/\/www.sual-archives.net\/css\/sual-archives\/2016-2\/soundarchitecture\/\" rel=\"noopener\">Pabst [16]<\/a><\/span><br \/><span style=\"font-size: 10pt;\"><a href=\"https:\/\/www.sual-archives.net\/css\/sual-archives\/2011-2\/yoav-pasovsky\/\" rel=\"noopener\">Yoav Pasovsky<\/a><br \/><a href=\"https:\/\/www.sual-archives.net\/css\/sual-archives\/2014-2\/abel-paul\/\" target=\"_blank\" rel=\"noopener\">Abel Pa\u00fal<\/a><br \/><a href=\"https:\/\/www.sual-archives.net\/css\/sual-archives\/2016-2\/paule-perrier\/\" rel=\"noopener\">Paule Perrier<\/a><br \/><a href=\"https:\/\/www.sual-archives.net\/css\/sual-archives\/2009-2\/miriam-mone-kurt-petin\/\" rel=\"noopener\">Kurt Petin<\/a><br \/><a href=\"https:\/\/www.sual-archives.net\/css\/sual-archives\/2007-2\/phonographie-ensemble\/\" rel=\"noopener\">Phonographie-Ensemble [07]<\/a><br \/><a href=\"https:\/\/www.sual-archives.net\/css\/sual-archives\/2017-2\/phonographie-ensemble\/\" rel=\"noopener\">Phonographie-Ensemble [17]<\/a><br \/><a href=\"https:\/\/www.sual-archives.net\/css\/sual-archives\/2009-2\/jorg-piringer\/\" rel=\"noopener\">J\u00f6rg Piringer<\/a><br \/><a href=\"https:\/\/www.sual-archives.net\/css\/sual-archives\/2015-2\/plenum\/\" target=\"_blank\" rel=\"noopener\">Plenum<\/a><br \/><a href=\"https:\/\/www.sual-archives.net\/css\/sual-archives\/2008-2\/\" rel=\"noopener\">Dimitrios Polisoidis<\/a><br \/><a href=\"http:\/\/www.sual-archives.net\/css\/sual-archives\/2007-2\/gabriele-proy\/\" rel=\"noopener\">Gabriele Proy<\/a><br \/><a href=\"http:\/\/www.sual-archives.net\/css\/sual-archives\/2006-2\/proyecto-itinerante\/\" rel=\"noopener\">Proyecto Itinerante<\/a><br \/><\/span><\/p><p><strong><span style=\"font-size: 12pt;\">R<\/span><\/strong><\/p><p><a href=\"https:\/\/www.sual-archives.net\/css\/sual-archives\/2013-2\/eliane-radigue\/\" rel=\"noopener\"><span style=\"font-size: 10pt;\">\u00c9liane Radigue<\/span><\/a><br \/><span style=\"font-size: 10pt;\"><a href=\"https:\/\/www.sual-archives.net\/css\/sual-archives\/2012-2\/werner-raditschnig\/\" rel=\"noopener\">Werner Raditschnig<\/a><\/span><br \/><span style=\"font-size: 10pt;\"><a href=\"https:\/\/www.sual-archives.net\/css\/sual-archives\/2017-2\/steve-reich\/\" rel=\"noopener\">Steve Reich<\/a><\/span><br \/><span style=\"font-size: 10pt;\"><a href=\"https:\/\/www.sual-archives.net\/css\/sual-archives\/2017-2\/iftaf\/\" rel=\"noopener\">Ernst Reitermaier<\/a><\/span><br \/><span style=\"font-size: 10pt;\"><a href=\"https:\/\/www.sual-archives.net\/css\/sual-archives\/2007-2\/phonographie-ensemble\/\" rel=\"noopener\">Lasse-Mark Riek [07_1]<\/a><br \/><a href=\"https:\/\/www.sual-archives.net\/css\/sual-archives\/2007-2\/lasse-marc-riek\/\" rel=\"noopener\">Lasse-Mark Riek [07_2]<\/a><\/span><br \/><span style=\"font-size: 10pt;\"><a href=\"https:\/\/www.sual-archives.net\/css\/sual-archives\/2017-2\/phonographie-ensemble\/\" rel=\"noopener\">Billy Roisz<\/a><\/span><br \/><span style=\"font-size: 10pt;\"><a href=\"https:\/\/www.sual-archives.net\/css\/sual-archives\/2009-2\/barbara-romen-gunter-schneider\/\" rel=\"noopener\">Barbara Romen [09]<\/a><br \/><a href=\"https:\/\/www.sual-archives.net\/css\/sual-archives\/2013-2\/gunter-schneider-barbara-romen\/\" rel=\"noopener\">Barbara Romen [13]<\/a><\/span><br \/><span style=\"font-size: 10pt;\"><a href=\"https:\/\/www.sual-archives.net\/css\/sual-archives\/2007-2\/stephan-roth\/\" rel=\"noopener\">Stephan Roth<\/a><\/span><br \/><span style=\"font-size: 10pt;\"><a href=\"https:\/\/www.sual-archives.net\/css\/sual-archives\/2018-2\/christian-wolff\/\" rel=\"noopener\">Christina Ruf<\/a><\/span><\/p>\t\t\t\t\t\t\t\t<\/div>\n\t\t\t\t<\/div>\n\t\t\t\t\t<\/div>\n\t\t<\/div>\n\t\t\t\t<div class=\"elementor-column elementor-col-25 elementor-top-column elementor-element elementor-element-5163c1f\" data-id=\"5163c1f\" data-element_type=\"column\">\n\t\t\t<div class=\"elementor-widget-wrap elementor-element-populated\">\n\t\t\t\t\t\t<div class=\"elementor-element elementor-element-cca6188 elementor-widget elementor-widget-text-editor\" data-id=\"cca6188\" data-element_type=\"widget\" data-widget_type=\"text-editor.default\">\n\t\t\t\t<div class=\"elementor-widget-container\">\n\t\t\t\t\t\t\t\t\t<p><span style=\"font-size: 12pt;\"><strong>S<\/strong><\/span><\/p><p><span style=\"font-size: 10pt;\"><a href=\"https:\/\/www.sual-archives.net\/css\/sual-archives\/2016-2\/von-fruh-bis-spat\/\" rel=\"noopener\">Erik Satie<\/a><\/span><br \/><span style=\"font-size: 10pt;\"><a href=\"https:\/\/www.sual-archives.net\/css\/sual-archives\/2018-2\/matija-schellander\/\" rel=\"noopener\">Matija Schellander [18_1]<\/a><br \/><a href=\"https:\/\/www.sual-archives.net\/css\/sual-archives\/2018-2\/matija-schellander-2\/\" rel=\"noopener\">Matija Schellander [18_2]<\/a><\/span><br \/><span style=\"font-size: 10pt;\"><a href=\"https:\/\/www.sual-archives.net\/css\/sual-archives\/2018-2\/schimana-noid\/\" rel=\"noopener\">Elisabeth Schimana<\/a><\/span><br \/><span style=\"font-size: 10pt;\"><a href=\"https:\/\/www.sual-archives.net\/css\/sual-archives\/2014-2\/peter-ablinger\/\" rel=\"noopener\">Lukas Schiske<\/a><\/span><br \/><span style=\"font-size: 10pt;\"><a href=\"https:\/\/www.sual-archives.net\/css\/sual-archives\/2014-2\/peter-jakober\/\" rel=\"noopener\">Theresia Schmidinger<\/a><\/span><br \/><span style=\"font-size: 10pt;\"><a href=\"https:\/\/www.sual-archives.net\/css\/sual-archives\/2009-2\/barbara-romen-gunter-schneider\/\" rel=\"noopener\">Gunter Schneider [09]<\/a><br \/><a href=\"https:\/\/www.sual-archives.net\/css\/sual-archives\/2013-2\/gunter-schneider-barbara-romen\/\" rel=\"noopener\">Gunter Schneider [13]<\/a><br \/><a href=\"https:\/\/www.sual-archives.net\/css\/sual-archives\/2018-2\/christian-wolff\/\" rel=\"noopener\">Gunter Schneider [18]<\/a><\/span><br \/><span style=\"font-size: 10pt;\"><a href=\"https:\/\/www.sual-archives.net\/css\/sual-archives\/2018-2\/heustadel\/\" rel=\"noopener\">Hans Schneider<\/a><\/span><br \/><span style=\"font-size: 10pt;\"><a href=\"https:\/\/www.sual-archives.net\/css\/sual-archives\/2011-2\/oliver-schneller\/\" rel=\"noopener\">Oliver Schneller<\/a><\/span><br \/><a href=\"https:\/\/www.sual-archives.net\/css\/sual-archives\/2010-2\/blauwurf\/\" rel=\"noopener\"><span style=\"font-size: 10pt;\">Eric Sch\u00f6rghofer<\/span><\/a><br \/><span style=\"font-size: 10pt;\"><a href=\"https:\/\/www.sual-archives.net\/css\/sual-archives\/2007-2\/robert-schwarz\/\" rel=\"noopener\">Robert Schwarz [07]<\/a><br \/><a href=\"https:\/\/www.sual-archives.net\/css\/sual-archives\/2012-2\/robert-schwarz\/\" rel=\"noopener\">Robert Schwarz [12]<\/a><\/span><br \/><span style=\"font-size: 10pt;\"><a href=\"https:\/\/www.sual-archives.net\/css\/sual-archives\/2012-2\/belma-beslic-gal\/\" rel=\"noopener\">Andrej Serkow<\/a><\/span><br \/><span style=\"font-size: 10pt;\"><a href=\"https:\/\/www.sual-archives.net\/css\/sual-archives\/2018-2\/christian-wolff\/\" rel=\"noopener\">Martin \u0160kubal<\/a><\/span><br \/><span style=\"font-size: 10pt;\"><a href=\"https:\/\/www.sual-archives.net\/css\/sual-archives\/2015-2\/zsolt-sores-aka-ahad\/\" rel=\"noopener\">Zsolt S\u00f6r\u00e9s<\/a><\/span><br \/><span style=\"font-size: 10pt;\"><a href=\"https:\/\/www.sual-archives.net\/css\/sual-archives\/2017-2\/erwin-stache\/\" rel=\"noopener\">Erwin Stache<\/a><\/span><br \/><span style=\"font-size: 10pt;\"><a href=\"https:\/\/www.sual-archives.net\/css\/sual-archives\/2011-2\/hossam-mahmoud\/\" rel=\"noopener\">Frank Stadler<\/a><\/span><br \/><span style=\"font-size: 10pt;\"><a href=\"https:\/\/www.sual-archives.net\/css\/sual-archives\/2010-2\/burkhard-stangl-kai-fagaschinski\/\" rel=\"noopener\">Burkhard Stangl [10]<\/a><br \/><a href=\"https:\/\/www.sual-archives.net\/css\/sual-archives\/2018-2\/heustadel\/\" rel=\"noopener\">Burkhard Stangl [18]<\/a><\/span><br \/><span style=\"font-size: 10pt;\"><a href=\"https:\/\/www.sual-archives.net\/css\/sual-archives\/2016-2\/harald-stojan\/\" rel=\"noopener\">Harald Stojan<\/a><\/span><br \/><span style=\"font-size: 10pt;\"><a href=\"https:\/\/www.sual-archives.net\/css\/sual-archives\/2017-2\/steve-reich\/\" rel=\"noopener\">Oliver Stotz<\/a><\/span><br \/><span style=\"font-size: 10pt;\"><a href=\"https:\/\/www.sual-archives.net\/css\/sual-archives\/2016-2\/salih-dursun-frederic-stritter\/\" rel=\"noopener\">Frederic Stritter<\/a><\/span><br \/><a href=\"https:\/\/www.sual-archives.net\/css\/sual-archives\/2008-2\/martin-supper\/\" rel=\"noopener\"><span style=\"font-size: 10pt;\">Martin Supper<\/span><\/a><br \/><a href=\"https:\/\/www.sual-archives.net\/css\/sual-archives\/2010-2\/sure\/\" rel=\"noopener\"><span style=\"font-size: 10pt;\">Sure<\/span><\/a><\/p><div><div data-elementor-setting-key=\"editor\" data-elementor-inline-editing-toolbar=\"advanced\"><p><span style=\"font-size: 12pt;\"><strong>T<\/strong><\/span><\/p><p><a href=\"https:\/\/www.sual-archives.net\/css\/sual-archives\/2008-2\/the-international-nothing\/\" rel=\"noopener\"><span style=\"font-size: 10pt;\">The International Nothing<\/span><\/a><br \/><span style=\"font-size: 10pt;\"><a href=\"https:\/\/www.sual-archives.net\/css\/sual-archives\/2008-2\/the-international-nothing\/\" rel=\"noopener\">Michael Thieke<\/a><\/span><br \/><span style=\"font-size: 10pt;\"><a href=\"https:\/\/www.sual-archives.net\/css\/sual-archives\/2008-2\/nader-mashayekhi\/\" rel=\"noopener\">Bernd Thurner [08]<\/a><br \/><a href=\"https:\/\/www.sual-archives.net\/css\/sual-archives\/2010-2\/nader-mashayekhi\/\" rel=\"noopener\">Bernd Thurner [10]<\/a><\/span><br \/><a href=\"http:\/\/www.sual-archives.net\/css\/sual-archives\/2006-2\/ulrich-troyer\/\" rel=\"noopener\"><span style=\"font-size: 10pt;\">Ulrich Troyer<\/span><\/a><br \/><span style=\"font-size: 10pt;\"><a href=\"https:\/\/www.sual-archives.net\/css\/sual-archives\/2009-2\/hans-tschiritsch-franz-haselsteiner\/\" rel=\"noopener\">Hans Tschiritsch<\/a><\/span><\/p><div><div data-elementor-setting-key=\"editor\" data-elementor-inline-editing-toolbar=\"advanced\"><p><strong><span style=\"font-size: 12pt;\">V<\/span><\/strong><\/p><p><span style=\"font-size: 10pt;\"><a href=\"https:\/\/www.sual-archives.net\/css\/sual-archives\/2012-2\/craig-vear\/\" rel=\"noopener\">Craig Vear<\/a><\/span><br \/><span style=\"font-size: 10pt;\"><a href=\"https:\/\/www.sual-archives.net\/css\/sual-archives\/2012-2\/michael-vorfeld\/\" rel=\"noopener\">Michael Vorfeld<\/a><\/span><br \/><a href=\"http:\/\/www.sual-archives.net\/css\/sual-archives\/2006-2\/antje-vowinckel\/\" rel=\"noopener\"><span style=\"font-size: 10pt;\">Antje Vowinckel<\/span><\/a><\/p><p><strong><span style=\"font-size: 12pt;\">W<\/span><\/strong><\/p><p><span style=\"font-size: 10pt;\"><a href=\"https:\/\/www.sual-archives.net\/css\/sual-archives\/2015-2\/plenum\/\" rel=\"noopener\">Reni Weichselbaum<\/a><\/span><br \/><span style=\"font-size: 10pt;\"><a href=\"http:\/\/www.sual-archives.net\/css\/sual-archives\/2006-2\/wiener-gerauschorchester\/\" rel=\"noopener\">Wiener Ger\u00e4uschorchester<\/a> <\/span><br \/><a href=\"https:\/\/www.sual-archives.net\/css\/sual-archives\/2010-2\/z-b-barbara-kaiser-tamara-wilhelm\/\" rel=\"noopener\"><span style=\"font-size: 10pt;\">Tamara Wilhelm<\/span><\/a><br \/><span style=\"font-size: 10pt;\"><a href=\"https:\/\/www.sual-archives.net\/css\/sual-archives\/2016-2\/von-fruh-bis-spat\/\" rel=\"noopener\">Manon-Liu Winter<\/a><\/span><br \/><span style=\"font-size: 10pt;\"><a href=\"https:\/\/www.sual-archives.net\/css\/sual-archives\/2018-2\/christian-wolff\/\" rel=\"noopener\">Christian Wolff<\/a><\/span><br \/><span style=\"font-size: 10pt;\"><a href=\"https:\/\/www.sual-archives.net\/css\/sual-archives\/2017-2\/peter-ablinger\/\" rel=\"noopener\">Jaime Wolfson<\/a><\/span><br \/><a href=\"https:\/\/www.sual-archives.net\/css\/sual-archives\/2011-2\/wysozky-arden-day\/\" rel=\"noopener\"><span style=\"font-size: 10pt;\">Wysozky<\/span><\/a><\/p><p><strong><span style=\"font-size: 12pt;\">X<\/span><\/strong><\/p><p><span style=\"font-size: 10pt;\"><a href=\"https:\/\/www.sual-archives.net\/css\/sual-archives\/2009-2\/aaron-bronwyn-ximm\/\" rel=\"noopener\">Aaron Ximm<\/a><\/span><br \/><a href=\"https:\/\/www.sual-archives.net\/css\/sual-archives\/2009-2\/aaron-bronwyn-ximm\/\" rel=\"noopener\"><span style=\"font-size: 10pt;\">Bronwyn Ximm<\/span><\/a><\/p><p><strong><span style=\"font-size: 12pt;\">Y<\/span><\/strong><\/p><p><a href=\"https:\/\/www.sual-archives.net\/css\/sual-archives\/2010-2\/sure\/\" rel=\"noopener\"><span style=\"font-size: 10pt;\">Hui Ye<\/span><\/a><\/p><p><strong><span style=\"font-size: 12pt;\">Z<\/span><\/strong><\/p><p><a href=\"https:\/\/www.sual-archives.net\/css\/sual-archives\/2010-2\/z-b-barbara-kaiser-tamara-wilhelm\/\" rel=\"noopener\"><span style=\"font-size: 10pt;\">z.B.: &#8230;<\/span><\/a><br \/><a href=\"https:\/\/www.sual-archives.net\/css\/sual-archives\/2010-2\/blauwurf\/\" rel=\"noopener\"><span style=\"font-size: 10pt;\">Michael Zacherl<\/span><\/a><\/p><\/div><\/div><\/div><\/div>\t\t\t\t\t\t\t\t<\/div>\n\t\t\t\t<\/div>\n\t\t\t\t\t<\/div>\n\t\t<\/div>\n\t\t\t\t\t<\/div>\n\t\t<\/section>\n\t\t\t\t<\/div>\n\t\t","protected":false},"excerpt":{"rendered":"<p>A Peter Ablinger [14]Peter Ablinger [17_1]Peter Ablinger [17_2]Peter Ablinger [17_3]AHS HeustadelgasseSalah Ammoand\/OARHelga Arias ParraSeth Ayyaz B Serge BaghdassariansBoris BaltschunJ\u00fcrgen BerlakovichTiziana &hellip; <span class=\"more-button\"><a href=\"https:\/\/www.sual-archives.net\/css\/artists\/\" class=\"more-link\">Continue Reading<span class=\"screen-reader-text\">ARTISTS<\/span><\/a><\/span><\/p>\n","protected":false},"author":1,"featured_media":0,"parent":0,"menu_order":0,"comment_status":"closed","ping_status":"closed","template":"","meta":{"footnotes":""},"folder":[],"class_list":["post-282","page","type-page","status-publish","hentry"],"amp_enabled":true,"_links":{"self":[{"href":"https:\/\/www.sual-archives.net\/css\/wp-json\/wp\/v2\/pages\/282","targetHints":{"allow":["GET"]}}],"collection":[{"href":"https:\/\/www.sual-archives.net\/css\/wp-json\/wp\/v2\/pages"}],"about":[{"href":"https:\/\/www.sual-archives.net\/css\/wp-json\/wp\/v2\/types\/page"}],"author":[{"embeddable":true,"href":"https:\/\/www.sual-archives.net\/css\/wp-json\/wp\/v2\/users\/1"}],"replies":[{"embeddable":true,"href":"https:\/\/www.sual-archives.net\/css\/wp-json\/wp\/v2\/comments?post=282"}],"version-history":[{"count":215,"href":"https:\/\/www.sual-archives.net\/css\/wp-json\/wp\/v2\/pages\/282\/revisions"}],"predecessor-version":[{"id":2201,"href":"https:\/\/www.sual-archives.net\/css\/wp-json\/wp\/v2\/pages\/282\/revisions\/2201"}],"wp:attachment":[{"href":"https:\/\/www.sual-archives.net\/css\/wp-json\/wp\/v2\/media?parent=282"}],"wp:term":[{"taxonomy":"folder","embeddable":true,"href":"https:\/\/www.sual-archives.net\/css\/wp-json\/wp\/v2\/folder?post=282"}],"curies":[{"name":"wp","href":"https:\/\/api.w.org\/{rel}","templated":true}]}}